{"id":223211,"date":"2022-12-17T08:47:51","date_gmt":"2022-12-17T07:47:51","guid":{"rendered":"https:\/\/renovation-haute-savoie.fr\/?page_id=223211"},"modified":"2022-12-30T16:24:11","modified_gmt":"2022-12-30T15:24:11","slug":"mentions-legales","status":"publish","type":"page","link":"https:\/\/renovation-haute-savoie.fr\/en\/mentions-legales\/","title":{"rendered":"Legal information"},"content":{"rendered":"<div class=\"wpb-content-wrapper\"><div class=\"vc_row wpb_row vc_row-fluid\"><div class=\"wpb_column vc_column_container vc_col-sm-6\"><div class=\"vc_column-inner\"><div class=\"wpb_wrapper\"><div id=\"ultimate-heading-746269ef7d1caff82\" class=\"uvc-heading ult-adjust-bottom-margin ultimate-heading-746269ef7d1caff82 uvc-8968\" data-hspacer=\"no_spacer\"  data-halign=\"left\" style=\"text-align:left\"><div class=\"uvc-heading-spacer no_spacer\" style=\"top\"><\/div><div class=\"uvc-main-heading ult-responsive\"  data-ultimate-target='.uvc-heading.ultimate-heading-746269ef7d1caff82 h2'  data-responsive-json-new='{\"font-size\":\"\",\"line-height\":\"\"}' ><h2 style=\"font-weight:normal;\">COMPANY<\/h2><\/div><\/div>\n\t<div class=\"wpb_text_column wpb_content_element\" >\n\t\t<div class=\"wpb_wrapper\">\n\t\t\t<h3>RENOV&#8217;ALPES SARL<\/h3>\n<p>LE FAYET<br \/>\n447 AV DE GENEVE<br \/>\n74170 SAINT-GERVAIS-LES-BAINS<\/p>\n<p>SIRET 79085651200013<br \/>\nRegistered with the RCS on 02-05-2013<br \/>\nEnregistr\u00e9e \u00e0 l&#8217;INSEE le 15-01-2013<br \/>\nAPE: 43.34Z<\/p>\n\n\t\t<\/div>\n\t<\/div>\n<div id=\"ultimate-heading-945669ef7d1cb0241\" class=\"uvc-heading ult-adjust-bottom-margin ultimate-heading-945669ef7d1cb0241 uvc-2505\" data-hspacer=\"no_spacer\"  data-halign=\"left\" style=\"text-align:left\"><div class=\"uvc-heading-spacer no_spacer\" style=\"top\"><\/div><div class=\"uvc-main-heading ult-responsive\"  data-ultimate-target='.uvc-heading.ultimate-heading-945669ef7d1cb0241 h2'  data-responsive-json-new='{\"font-size\":\"\",\"line-height\":\"\"}' ><h2 style=\"font-weight:normal;\">PHOTO CREDIT<\/h2><\/div><\/div>\n\t<div class=\"wpb_text_column wpb_content_element\" >\n\t\t<div class=\"wpb_wrapper\">\n\t\t\t<p class=\"p1\">Atria (Alexandre MERMILLOD\/ OnixStudio)<\/p>\n<p class=\"p1\">Piolet (Alexandre MERMILLOD\/ OnixStudio)<\/p>\n<p class=\"p1\">Pointe Isabelle (Sol\u00e8ne RENAULT\/SCOTTO)<\/p>\n<p class=\"p1\">Caraccard (L.COUSIN)<\/p>\n<p class=\"p1\">L\u2019Berg (Sol\u00e8ne RENAULT\/SCOTTO)<\/p>\n<p class=\"p1\">Bonamis\u00a0 (Sol\u00e8ne RENAULT\/SCOTTO)<\/p>\n<p class=\"p1\">P\u00e9riades (Sol\u00e8ne RENAULT\/SCOTTO)<\/p>\n<p class=\"p1\">Btm back to the modernism (Sol\u00e8ne RENAULT)<\/p>\n<p class=\"p1\">The farm (Sol\u00e8ne RENAULT\/SCOTTO)<\/p>\n<p class=\"p1\">Alpen (Alexandre MERMILLOD\/ OnixStudio)<\/p>\n<p class=\"p1\">Dalmore (Alexandre MERMILLOD\/ OnixStudio)<\/p>\n<p class=\"p1\">France (Alexandre MERMILLOD\/ OnixStudio)<\/p>\n<p class=\"p1\">Jorasse (Dan FERRER)<\/p>\n\n\t\t<\/div>\n\t<\/div>\n<div id=\"ultimate-heading-689169ef7d1cb0338\" class=\"uvc-heading ult-adjust-bottom-margin ultimate-heading-689169ef7d1cb0338 uvc-8498\" data-hspacer=\"no_spacer\"  data-halign=\"left\" style=\"text-align:left\"><div class=\"uvc-heading-spacer no_spacer\" style=\"top\"><\/div><div class=\"uvc-main-heading ult-responsive\"  data-ultimate-target='.uvc-heading.ultimate-heading-689169ef7d1cb0338 h2'  data-responsive-json-new='{\"font-size\":\"\",\"line-height\":\"\"}' ><h2 style=\"font-weight:normal;\">REDACTION<\/h2><\/div><\/div>\n\t<div class=\"wpb_text_column wpb_content_element\" >\n\t\t<div class=\"wpb_wrapper\">\n\t\t\t<p class=\"p1\">Renov&#8217;Alpes<\/p>\n\n\t\t<\/div>\n\t<\/div>\n<\/div><\/div><\/div><div class=\"wpb_column vc_column_container vc_col-sm-6\"><div class=\"vc_column-inner\"><div class=\"wpb_wrapper\"><div id=\"ultimate-heading-629069ef7d1cb0555\" class=\"uvc-heading ult-adjust-bottom-margin ultimate-heading-629069ef7d1cb0555 uvc-2368\" data-hspacer=\"no_spacer\"  data-halign=\"left\" style=\"text-align:left\"><div class=\"uvc-heading-spacer no_spacer\" style=\"top\"><\/div><div class=\"uvc-main-heading ult-responsive\"  data-ultimate-target='.uvc-heading.ultimate-heading-629069ef7d1cb0555 h2'  data-responsive-json-new='{\"font-size\":\"\",\"line-height\":\"\"}' ><h2 style=\"font-weight:normal;\">WEB HOSTING<\/h2><\/div><\/div>\n\t<div class=\"wpb_text_column wpb_content_element\" >\n\t\t<div class=\"wpb_wrapper\">\n\t\t\t<h3><strong>OVH<\/strong><\/h3>\n<p>3\/16SAS OVH, 2 rue Kellermann<br \/>\nBP 80157<br \/>\n59053 Roubaix Cedex 1<br \/>\nFrance<\/p>\n<p>SAS with a capital of 10 000 000 \u20ac RCS Roubaix Tourcoing 424 761 419 00045<\/p>\n<p>Code APE 6202A<\/p>\n<p>N\u00b0 TVA : FR 22 424 761 419<\/p>\n<p><a href=\"https:\/\/www.ovhcloud.com\/fr\/\" target=\"_blank\" rel=\"noopener\">www.ovhcloud.com<\/a><\/p>\n\n\t\t<\/div>\n\t<\/div>\n<div id=\"ultimate-heading-823269ef7d1cb0641\" class=\"uvc-heading ult-adjust-bottom-margin ultimate-heading-823269ef7d1cb0641 uvc-5275\" data-hspacer=\"no_spacer\"  data-halign=\"left\" style=\"text-align:left\"><div class=\"uvc-heading-spacer no_spacer\" style=\"top\"><\/div><div class=\"uvc-main-heading ult-responsive\"  data-ultimate-target='.uvc-heading.ultimate-heading-823269ef7d1cb0641 h2'  data-responsive-json-new='{\"font-size\":\"\",\"line-height\":\"\"}' ><h2 style=\"font-weight:normal;\">WEB REALISATION<\/h2><\/div><\/div>\n\t<div class=\"wpb_text_column wpb_content_element\" >\n\t\t<div class=\"wpb_wrapper\">\n\t\t\t<h3><strong>WEB VIDEO SERVICE<\/strong><\/h3>\n<p>Fran\u00e7ois PESSARD<br \/>\n550, Rue de la P\u00e9rouse<br \/>\n74190 PASSY<\/p>\n<p><a href=\"https:\/\/webvideoservice.fr\/\" target=\"_blank\" rel=\"noopener\">webvideoservice.fr<\/a><\/p>\n\n\t\t<\/div>\n\t<\/div>\n<\/div><\/div><\/div><\/div>\n<\/div>","protected":false},"excerpt":{"rendered":"<p>COMPANY<\/p>\n<p>\t\t\tRENOV&#8217;ALPES SARL<br \/>\nLE FAYET<br \/>\n447 AV DE GENEVE<br \/>\n74170 SAINT-GERVAIS-LES-BAINS<br \/>\nSIRET 79085651200013<br \/>\nImmatricul\u00e9e au RCS [&#8230;]<\/p>","protected":false},"author":1,"featured_media":223515,"parent":0,"menu_order":0,"comment_status":"closed","ping_status":"closed","template":"one-page-template.php","meta":{"footnotes":""},"yoast_head":"<!-- This site is optimized with the Yoast SEO plugin v22.3 - https:\/\/yoast.com\/wordpress\/plugins\/seo\/ -->\n<title>mentions legales<\/title>\n<meta name=\"description\" content=\"Mentions l\u00e9gales du site R\u00e9nov&#039;Alpes, Situ\u00e9 \u00e0 Saint Gervais les bains le Fayet en Haute Savoie. Sp\u00e9cialiste de la r\u00e9novation habitation.\" \/>\n<meta name=\"robots\" content=\"index, follow, max-snippet:-1, max-image-preview:large, max-video-preview:-1\" \/>\n<link rel=\"canonical\" href=\"https:\/\/renovation-haute-savoie.fr\/en\/mentions-legales\/\" \/>\n<meta property=\"og:locale\" content=\"en_US\" \/>\n<meta property=\"og:type\" content=\"article\" \/>\n<meta property=\"og:title\" content=\"mentions legales\" \/>\n<meta property=\"og:description\" content=\"Mentions l\u00e9gales du site R\u00e9nov&#039;Alpes, Situ\u00e9 \u00e0 Saint Gervais les bains le Fayet en Haute Savoie. Sp\u00e9cialiste de la r\u00e9novation habitation.\" \/>\n<meta property=\"og:url\" content=\"https:\/\/renovation-haute-savoie.fr\/en\/mentions-legales\/\" \/>\n<meta property=\"og:site_name\" content=\"Renovation en Haute Savoie\" \/>\n<meta property=\"article:publisher\" content=\"https:\/\/www.facebook.com\/Renov.Alpes.SARL\" \/>\n<meta property=\"article:modified_time\" content=\"2022-12-30T15:24:11+00:00\" \/>\n<meta property=\"og:image\" content=\"https:\/\/renovation-haute-savoie.fr\/wp-content\/uploads\/2022\/12\/logo_renovalpes_texte.png\" \/>\n\t<meta property=\"og:image:width\" content=\"2594\" \/>\n\t<meta property=\"og:image:height\" content=\"1909\" \/>\n\t<meta property=\"og:image:type\" content=\"image\/png\" \/>\n<meta name=\"twitter:card\" content=\"summary_large_image\" \/>\n<meta name=\"twitter:label1\" content=\"Est. reading time\" \/>\n\t<meta name=\"twitter:data1\" content=\"1 minute\" \/>\n<script type=\"application\/ld+json\" class=\"yoast-schema-graph\">{\"@context\":\"https:\/\/schema.org\",\"@graph\":[{\"@type\":\"WebPage\",\"@id\":\"https:\/\/renovation-haute-savoie.fr\/mentions-legales\/\",\"url\":\"https:\/\/renovation-haute-savoie.fr\/mentions-legales\/\",\"name\":\"mentions legales\",\"isPartOf\":{\"@id\":\"https:\/\/renovation-haute-savoie.fr\/#website\"},\"primaryImageOfPage\":{\"@id\":\"https:\/\/renovation-haute-savoie.fr\/mentions-legales\/#primaryimage\"},\"image\":{\"@id\":\"https:\/\/renovation-haute-savoie.fr\/mentions-legales\/#primaryimage\"},\"thumbnailUrl\":\"https:\/\/renovation-haute-savoie.fr\/wp-content\/uploads\/2022\/12\/logo_renovalpes_texte.png\",\"datePublished\":\"2022-12-17T07:47:51+00:00\",\"dateModified\":\"2022-12-30T15:24:11+00:00\",\"description\":\"Mentions l\u00e9gales du site R\u00e9nov'Alpes, Situ\u00e9 \u00e0 Saint Gervais les bains le Fayet en Haute Savoie. Sp\u00e9cialiste de la r\u00e9novation habitation.\",\"breadcrumb\":{\"@id\":\"https:\/\/renovation-haute-savoie.fr\/mentions-legales\/#breadcrumb\"},\"inLanguage\":\"en-US\",\"potentialAction\":[{\"@type\":\"ReadAction\",\"target\":[\"https:\/\/renovation-haute-savoie.fr\/mentions-legales\/\"]}]},{\"@type\":\"ImageObject\",\"inLanguage\":\"en-US\",\"@id\":\"https:\/\/renovation-haute-savoie.fr\/mentions-legales\/#primaryimage\",\"url\":\"https:\/\/renovation-haute-savoie.fr\/wp-content\/uploads\/2022\/12\/logo_renovalpes_texte.png\",\"contentUrl\":\"https:\/\/renovation-haute-savoie.fr\/wp-content\/uploads\/2022\/12\/logo_renovalpes_texte.png\",\"width\":2594,\"height\":1909,\"caption\":\"Renovalpes, la r\u00e9novation au pays du Mont Blanc\"},{\"@type\":\"BreadcrumbList\",\"@id\":\"https:\/\/renovation-haute-savoie.fr\/mentions-legales\/#breadcrumb\",\"itemListElement\":[{\"@type\":\"ListItem\",\"position\":1,\"name\":\"Accueil\",\"item\":\"https:\/\/renovation-haute-savoie.fr\/\"},{\"@type\":\"ListItem\",\"position\":2,\"name\":\"Mentions l\u00e9gales\"}]},{\"@type\":\"WebSite\",\"@id\":\"https:\/\/renovation-haute-savoie.fr\/#website\",\"url\":\"https:\/\/renovation-haute-savoie.fr\/\",\"name\":\"Renovation en Haute Savoie\",\"description\":\"Renovalpes\",\"publisher\":{\"@id\":\"https:\/\/renovation-haute-savoie.fr\/#organization\"},\"alternateName\":\"Renovalpes\",\"potentialAction\":[{\"@type\":\"SearchAction\",\"target\":{\"@type\":\"EntryPoint\",\"urlTemplate\":\"https:\/\/renovation-haute-savoie.fr\/?s={search_term_string}\"},\"query-input\":\"required name=search_term_string\"}],\"inLanguage\":\"en-US\"},{\"@type\":\"Organization\",\"@id\":\"https:\/\/renovation-haute-savoie.fr\/#organization\",\"name\":\"Renovation en Haute Savoie\",\"alternateName\":\"Renov'Alpes\",\"url\":\"https:\/\/renovation-haute-savoie.fr\/\",\"logo\":{\"@type\":\"ImageObject\",\"inLanguage\":\"en-US\",\"@id\":\"https:\/\/renovation-haute-savoie.fr\/#\/schema\/logo\/image\/\",\"url\":\"https:\/\/renovation-haute-savoie.fr\/wp-content\/uploads\/2022\/12\/logo_renovalpes_texte.png\",\"contentUrl\":\"https:\/\/renovation-haute-savoie.fr\/wp-content\/uploads\/2022\/12\/logo_renovalpes_texte.png\",\"width\":2594,\"height\":1909,\"caption\":\"Renovation en Haute Savoie\"},\"image\":{\"@id\":\"https:\/\/renovation-haute-savoie.fr\/#\/schema\/logo\/image\/\"},\"sameAs\":[\"https:\/\/www.facebook.com\/Renov.Alpes.SARL\"]}]}<\/script>\n<!-- \/ Yoast SEO plugin. -->","yoast_head_json":{"title":"mentions legales","description":"Mentions l\u00e9gales du site R\u00e9nov'Alpes, Situ\u00e9 \u00e0 Saint Gervais les bains le Fayet en Haute Savoie. Sp\u00e9cialiste de la r\u00e9novation habitation.","robots":{"index":"index","follow":"follow","max-snippet":"max-snippet:-1","max-image-preview":"max-image-preview:large","max-video-preview":"max-video-preview:-1"},"canonical":"https:\/\/renovation-haute-savoie.fr\/en\/mentions-legales\/","og_locale":"en_US","og_type":"article","og_title":"mentions legales","og_description":"Mentions l\u00e9gales du site R\u00e9nov'Alpes, Situ\u00e9 \u00e0 Saint Gervais les bains le Fayet en Haute Savoie. Sp\u00e9cialiste de la r\u00e9novation habitation.","og_url":"https:\/\/renovation-haute-savoie.fr\/en\/mentions-legales\/","og_site_name":"Renovation en Haute Savoie","article_publisher":"https:\/\/www.facebook.com\/Renov.Alpes.SARL","article_modified_time":"2022-12-30T15:24:11+00:00","og_image":[{"width":2594,"height":1909,"url":"https:\/\/renovation-haute-savoie.fr\/wp-content\/uploads\/2022\/12\/logo_renovalpes_texte.png","type":"image\/png"}],"twitter_card":"summary_large_image","twitter_misc":{"Est. reading time":"1 minute"},"schema":{"@context":"https:\/\/schema.org","@graph":[{"@type":"WebPage","@id":"https:\/\/renovation-haute-savoie.fr\/mentions-legales\/","url":"https:\/\/renovation-haute-savoie.fr\/mentions-legales\/","name":"mentions legales","isPartOf":{"@id":"https:\/\/renovation-haute-savoie.fr\/#website"},"primaryImageOfPage":{"@id":"https:\/\/renovation-haute-savoie.fr\/mentions-legales\/#primaryimage"},"image":{"@id":"https:\/\/renovation-haute-savoie.fr\/mentions-legales\/#primaryimage"},"thumbnailUrl":"https:\/\/renovation-haute-savoie.fr\/wp-content\/uploads\/2022\/12\/logo_renovalpes_texte.png","datePublished":"2022-12-17T07:47:51+00:00","dateModified":"2022-12-30T15:24:11+00:00","description":"Mentions l\u00e9gales du site R\u00e9nov'Alpes, Situ\u00e9 \u00e0 Saint Gervais les bains le Fayet en Haute Savoie. Sp\u00e9cialiste de la r\u00e9novation habitation.","breadcrumb":{"@id":"https:\/\/renovation-haute-savoie.fr\/mentions-legales\/#breadcrumb"},"inLanguage":"en-US","potentialAction":[{"@type":"ReadAction","target":["https:\/\/renovation-haute-savoie.fr\/mentions-legales\/"]}]},{"@type":"ImageObject","inLanguage":"en-US","@id":"https:\/\/renovation-haute-savoie.fr\/mentions-legales\/#primaryimage","url":"https:\/\/renovation-haute-savoie.fr\/wp-content\/uploads\/2022\/12\/logo_renovalpes_texte.png","contentUrl":"https:\/\/renovation-haute-savoie.fr\/wp-content\/uploads\/2022\/12\/logo_renovalpes_texte.png","width":2594,"height":1909,"caption":"Renovalpes, la r\u00e9novation au pays du Mont Blanc"},{"@type":"BreadcrumbList","@id":"https:\/\/renovation-haute-savoie.fr\/mentions-legales\/#breadcrumb","itemListElement":[{"@type":"ListItem","position":1,"name":"Accueil","item":"https:\/\/renovation-haute-savoie.fr\/"},{"@type":"ListItem","position":2,"name":"Mentions l\u00e9gales"}]},{"@type":"WebSite","@id":"https:\/\/renovation-haute-savoie.fr\/#website","url":"https:\/\/renovation-haute-savoie.fr\/","name":"Renovation en Haute Savoie","description":"Renovalpes","publisher":{"@id":"https:\/\/renovation-haute-savoie.fr\/#organization"},"alternateName":"Renovalpes","potentialAction":[{"@type":"SearchAction","target":{"@type":"EntryPoint","urlTemplate":"https:\/\/renovation-haute-savoie.fr\/?s={search_term_string}"},"query-input":"required name=search_term_string"}],"inLanguage":"en-US"},{"@type":"Organization","@id":"https:\/\/renovation-haute-savoie.fr\/#organization","name":"Renovation en Haute Savoie","alternateName":"Renov'Alpes","url":"https:\/\/renovation-haute-savoie.fr\/","logo":{"@type":"ImageObject","inLanguage":"en-US","@id":"https:\/\/renovation-haute-savoie.fr\/#\/schema\/logo\/image\/","url":"https:\/\/renovation-haute-savoie.fr\/wp-content\/uploads\/2022\/12\/logo_renovalpes_texte.png","contentUrl":"https:\/\/renovation-haute-savoie.fr\/wp-content\/uploads\/2022\/12\/logo_renovalpes_texte.png","width":2594,"height":1909,"caption":"Renovation en Haute Savoie"},"image":{"@id":"https:\/\/renovation-haute-savoie.fr\/#\/schema\/logo\/image\/"},"sameAs":["https:\/\/www.facebook.com\/Renov.Alpes.SARL"]}]}},"_links":{"self":[{"href":"https:\/\/renovation-haute-savoie.fr\/en\/wp-json\/wp\/v2\/pages\/223211"}],"collection":[{"href":"https:\/\/renovation-haute-savoie.fr\/en\/wp-json\/wp\/v2\/pages"}],"about":[{"href":"https:\/\/renovation-haute-savoie.fr\/en\/wp-json\/wp\/v2\/types\/page"}],"author":[{"embeddable":true,"href":"https:\/\/renovation-haute-savoie.fr\/en\/wp-json\/wp\/v2\/users\/1"}],"replies":[{"embeddable":true,"href":"https:\/\/renovation-haute-savoie.fr\/en\/wp-json\/wp\/v2\/comments?post=223211"}],"version-history":[{"count":12,"href":"https:\/\/renovation-haute-savoie.fr\/en\/wp-json\/wp\/v2\/pages\/223211\/revisions"}],"predecessor-version":[{"id":223522,"href":"https:\/\/renovation-haute-savoie.fr\/en\/wp-json\/wp\/v2\/pages\/223211\/revisions\/223522"}],"wp:featuredmedia":[{"embeddable":true,"href":"https:\/\/renovation-haute-savoie.fr\/en\/wp-json\/wp\/v2\/media\/223515"}],"wp:attachment":[{"href":"https:\/\/renovation-haute-savoie.fr\/en\/wp-json\/wp\/v2\/media?parent=223211"}],"curies":[{"name":"wp","href":"https:\/\/api.w.org\/{rel}","templated":true}]}}